{"id":2008,"date":"2022-05-31T16:28:09","date_gmt":"2022-05-31T14:28:09","guid":{"rendered":"https:\/\/verlag-alber.de\/subject-areas\/subject-areas-phenomenology\/"},"modified":"2025-12-03T14:58:41","modified_gmt":"2025-12-03T13:58:41","slug":"phenomenology","status":"publish","type":"page","link":"https:\/\/verlag-alber.de\/en\/major-areas\/phenomenology\/","title":{"rendered":"Phenomenology"},"content":{"rendered":"\n<section class=\"content-stage big-stage bottom-type-1 image-type-1 \">\n    <div class=\"text-item\">\n                    <h2 class=\"headline-3\">Major area<\/h2>\n        \n                    <h3 class=\"headline-2 text-typing\"\n                data-text=\"Phenomenology\">\n                            <\/h3>\n        \n                    <div class=\"wysiwyg\">\n                <p>From the beginning, phenomenology has been a focal point in Karl Alber&#8217;s programme, not only dealing with classical topics and authors, but also opening up new fields and interdisciplinary research perspectives, e.g. phenomenology and cognitive sciences, phenomenological anthropology, new phenomenology, phenomenology of life, etc.<\/p>\n\n            <\/div>\n        \n        \n            <\/div>\n\n            <div class=\"image-item\">\n            \n            <div class=\"js-scroll-animations scroll-animations__image-wrapper \" data-scroll-animation-type=\"zoomImage\">\n                                    <picture class=\"content-block__image\">\n                                    \n                                                                                        \n                                                                    \n                                    <source\n                            type=\"image\/webp\"\n                            srcset=\"                                                                                                                                https:\/\/verlag-alber.de\/wp-content\/uploads\/sites\/2\/2022\/05\/My-project-Kopie-Kopie-3-1056x0-c-default.webp 1056w\n                                                                                                                \"\n                            sizes=\"1056px\"\n                    >\n                                            \n                                                                                        \n                                                                    \n                                    <img decoding=\"async\"\n                                                    loading=\"lazy\"\n                                                decode=\"async\"\n                        src=\"https:\/\/verlag-alber.de\/wp-content\/uploads\/sites\/2\/2022\/05\/My-project-Kopie-Kopie-3-50x0-c-default.jpg\"\n                        srcset=\"                                                                                                                                https:\/\/verlag-alber.de\/wp-content\/uploads\/sites\/2\/2022\/05\/My-project-Kopie-Kopie-3-1056x0-c-default.jpg 1056w\n                                                                                                                \"\n                        sizes=\"auto, 1056px\"\n                        alt=\"\"\n                        \n                        width=\"1056\"\n                        height=\"\"\n                    >\n                                        <\/picture>\n\n            <\/div>\n\n            <div class=\"tablet-image\">\n                    <picture >\n                                    \n                                                                                        \n                                                                    \n                                    <source\n                            type=\"image\/webp\"\n                            srcset=\"                                                                                                                                https:\/\/verlag-alber.de\/wp-content\/uploads\/sites\/2\/2022\/05\/My-project-Kopie-Kopie-3-412x0-c-default.webp 412w\n                                                                            ,                                                                                                                                https:\/\/verlag-alber.de\/wp-content\/uploads\/sites\/2\/2022\/05\/My-project-Kopie-Kopie-3-528x0-c-default.webp 528w\n                                                                            ,                                                                                                                                https:\/\/verlag-alber.de\/wp-content\/uploads\/sites\/2\/2022\/05\/My-project-Kopie-Kopie-3-980x0-c-default.webp 980w\n                                                                                                                \"\n                            sizes=\"(-webkit-min-device-pixel-ratio: 2) 50vw,\n                            (min-resolution: 192dpi) 50vw,\n                            (min-resolution: 2dppx) 50vw,\n                            (-webkit-min-device-pixel-ratio: 3) 33.33vw,\n                            (min-resolution: 288dpi) 33.33vw,\n                            (min-resolution: 3dppx) 33.33vw\"\n                    >\n                                            \n                                                                                        \n                                                                    \n                                    <img decoding=\"async\"\n                                                    loading=\"lazy\"\n                                                decode=\"async\"\n                        src=\"https:\/\/verlag-alber.de\/wp-content\/uploads\/sites\/2\/2022\/05\/My-project-Kopie-Kopie-3-50x0-c-default.jpg\"\n                        srcset=\"                                                                                                                                https:\/\/verlag-alber.de\/wp-content\/uploads\/sites\/2\/2022\/05\/My-project-Kopie-Kopie-3-412x0-c-default.jpg 412w\n                                                                            ,                                                                                                                                https:\/\/verlag-alber.de\/wp-content\/uploads\/sites\/2\/2022\/05\/My-project-Kopie-Kopie-3-528x0-c-default.jpg 528w\n                                                                            ,                                                                                                                                https:\/\/verlag-alber.de\/wp-content\/uploads\/sites\/2\/2022\/05\/My-project-Kopie-Kopie-3-980x0-c-default.jpg 980w\n                                                                                                                \"\n                        sizes=\"auto, (-webkit-min-device-pixel-ratio: 2) 50vw,\n                            (min-resolution: 192dpi) 50vw,\n                            (min-resolution: 2dppx) 50vw,\n                            (-webkit-min-device-pixel-ratio: 3) 33.33vw,\n                            (min-resolution: 288dpi) 33.33vw,\n                            (min-resolution: 3dppx) 33.33vw\"\n                        alt=\"\"\n                        \n                        width=\"412\"\n                        height=\"\"\n                    >\n                                        <\/picture>\n\n            <\/div>\n\n                    <\/div>\n    <\/section>\n\n\n<section class=\"content-faq\">\n    <div class=\"content-faq-item-list\">\n                    <article>\n                <div class=\"content-faq-item\">\n                    <h2 class=\"headline-5 js-accordion-headline\">\n                        Eugen Fink Gesamtausgabe\n                    <\/h2>\n\n                    <div class=\"text wysiwyg\">\n                        <p><strong>Edited by Annette Hilt, Cathrin Nielsen, Alexander Schnell, Hans Rainer Sepp, Holger Zaborowski<\/strong><\/p>\n<p>This text-critical edition includes all the works published by Eugen Fink himself as well as the writings of his extensive literary estate, most of which are still unpublished.<\/p>\n<p><a href=\"https:\/\/www.nomos-shop.de\/en\/series\/series\/view\/id\/B001351100\" target=\"_blank\" rel=\"noopener\">Learn more<\/a><\/p>\n\n                    <\/div>\n                <\/div>\n            <\/article>\n                    <article>\n                <div class=\"content-faq-item\">\n                    <h2 class=\"headline-5 js-accordion-headline\">\n                        Heidegger-Jahrbuch\n                    <\/h2>\n\n                    <div class=\"text wysiwyg\">\n                        <p><strong>Edited by Alfred Denker, Holger Zaborowski<\/strong><\/p>\n<p>The yearbook is devoted to the thought and person of Martin Heidegger, one of the most important and controversial philosophers of the 20th century, from various perspectives.<\/p>\n<p><a href=\"https:\/\/www.nomos-shop.de\/en\/series\/series\/view\/id\/B001351800\" target=\"_blank\" rel=\"noopener\">Learn more<\/a><\/p>\n\n                    <\/div>\n                <\/div>\n            <\/article>\n                    <article>\n                <div class=\"content-faq-item\">\n                    <h2 class=\"headline-5 js-accordion-headline\">\n                        Martin-Heidegger-Gesellschaft | Forschungsreihe\n                    <\/h2>\n\n                    <div class=\"text wysiwyg\">\n                        <p><strong>Edited by Harald Seubert, Manuela Massa<\/strong><\/p>\n<p>Heidegger\u2019s philosophy is interwoven within many different contexts that have been neglected or underexposed in the past debates: the connections with logic, normativity, language, as with the ancient thought, with the scholasticism and late scholasticism, with the classical metaphysics, with the philosophical beginning of the early 20th century (Frege), with Kant and Neo-Kantianism, as well as between his position on the phenomenology of Husserl and his school. This research series is focused upon these connections and upon problems concerning law and political ontology to which many of Heidegger&#8217;s works are dedicated. Exceptional monographs (especially dissertations) are in these fields included, whose ambition is to document Heidegger&#8217;s research during international conferences and smaller workshops. The aim is to measure Heidegger&#8217;s thought in its various constellations and horizons, as well as reintroducing it to systematic philosophical dialogue by presenting its fertility within contemporary philosophy.<\/p>\n<p><a href=\"https:\/\/www.nomos-shop.de\/de\/series\/series\/view\/id\/B001254900\/\">Learn more<\/a><\/p>\n\n                    <\/div>\n                <\/div>\n            <\/article>\n                    <article>\n                <div class=\"content-faq-item\">\n                    <h2 class=\"headline-5 js-accordion-headline\">\n                        Martin-Heidegger-Gesellschaft | Schriftenreihe\n                    <\/h2>\n\n                    <div class=\"text wysiwyg\">\n                        <p><strong>Edited by Holger Zaborowski<\/strong><\/p>\n<p>The publication series of the Martin Heidegger Society combines philological and systematic Heidegger research with current issues in which Heidegger&#8217;s significance becomes clear. It also addresses topics in which Heidegger provides important impulses for contemporary debates.<\/p>\n<p><a href=\"https:\/\/www.nomos-shop.de\/en\/series\/series\/view\/id\/B001352800\">Learn more<\/a><\/p>\n\n                    <\/div>\n                <\/div>\n            <\/article>\n                    <article>\n                <div class=\"content-faq-item\">\n                    <h2 class=\"headline-5 js-accordion-headline\">\n                        Neue Ph\u00e4nomenologie\n                    <\/h2>\n\n                    <div class=\"text wysiwyg\">\n                        <p><strong>Edited by the Society for New Phenomenology, contact: Michael Gro\u00dfheim<\/strong><\/p>\n<p>The New Phenomenology is concerned with phenomenologically demonstrating &#8220;man&#8217;s reflection on his finding himself in his environment&#8221; (Hermann Schmitz).<\/p>\n<p><a href=\"https:\/\/www.nomos-shop.de\/en\/series\/series\/view\/id\/B001353000\" target=\"_blank\" rel=\"noopener\">Learn more<\/a><\/p>\n\n                    <\/div>\n                <\/div>\n            <\/article>\n                    <article>\n                <div class=\"content-faq-item\">\n                    <h2 class=\"headline-5 js-accordion-headline\">\n                        Ph\u00e4nomenologie\n                    <\/h2>\n\n                    <div class=\"text wysiwyg\">\n                        <p><strong>Edited by Jakub \u010capek, Sophie Loidolt, Alessandro Salice, Alexander Schnell, Claudia Serban<\/strong><\/p>\n<p>Untill 2001 edited by Karl-Heinz Lembeck, Ernst Wolfgang Orth und Hans Rainer Sepp. 2006 bis 2021 herausgegeben von Jean-Luc Marion, Marco M. Olivetti and Walter Schweidler.<\/p>\n<p>The editors understand phenomenology as a systematic discipline that provides important impulses in contemporary philosophical debates as well as in other disciplines. Their different approaches can be understood by recourse to a common tradition that has become increasingly differentiated in the constant work on &#8220;things themselves&#8221;. The &#8220;Phenomenology Series&#8221; represents this tradition in its entire breadth and theoretical diversity as well as in its current formations and further developments. The languages of the series are German, English and French.<\/p>\n<p><a href=\"https:\/\/www.nomos-shop.de\/en\/series\/series\/view\/id\/B001353500\" target=\"_blank\" rel=\"noopener\">Learn more<\/a><\/p>\n\n                    <\/div>\n                <\/div>\n            <\/article>\n                    <article>\n                <div class=\"content-faq-item\">\n                    <h2 class=\"headline-5 js-accordion-headline\">\n                        Schriftenreihe der DGAP (German Society for Analytical Psychology)\n                    <\/h2>\n\n                    <div class=\"text wysiwyg\">\n                        <p><strong>Edited by Thomas Fuchs, Thiemo Breyer, Boris Wandruszka, Stefano Micali<\/strong><\/p>\n<p>Phenomenology can be regarded as the basic science of subjective experience. It examines its central structures, especially intentionality, corporeality, temporality and intersubjectivity, in order to arrive at insights into the basic forms of human experience in health and illness. Going beyond the subject\/object divide, their attention is focused on the indissoluble connection between subjectivity and experience of the world. For psychiatry, this means that being mentally ill is neither seen as a purely objective event that can be localised in the brain nor attributed to a hidden &#8220;inner space&#8221; of the psychic. Rather, mental illness manifests itself in experience as well as in bodily appearance and behaviour, in the temporality of life, in relationships to others, in short: in the entire being-in-the-world of the sick person.<\/p>\n<p>The DGAP series presents research contributions in which phenomenological approaches are further developed in anthropology, psychiatry and psychotherapy.<\/p>\n<p><a href=\"https:\/\/www.nomos-shop.de\/en\/series\/series\/view\/id\/B001354200\" target=\"_blank\" rel=\"noopener\">Learn more<\/a><\/p>\n\n                    <\/div>\n                <\/div>\n            <\/article>\n                    <article>\n                <div class=\"content-faq-item\">\n                    <h2 class=\"headline-5 js-accordion-headline\">\n                        Seele, Existenz, Leben\n                    <\/h2>\n\n                    <div class=\"text wysiwyg\">\n                        <p><strong>Edited by Rolf K\u00fchn, Fr\u00e9d\u00e9ric Seyler<\/strong><\/p>\n<p>This life-phenomenologically oriented series aims to analyse all modes of appearance as they result from the basic affective and cultural constitution of the<\/p>\n<p><a href=\"https:\/\/www.nomos-shop.de\/en\/series\/series\/view\/id\/B001354500\" target=\"_blank\" rel=\"noopener\">Learn more<\/a><\/p>\n\n                    <\/div>\n                <\/div>\n            <\/article>\n            <\/div>\n<\/section>\n\n\n<section class=\"content-link-card \">\n    <div class=\"inner link-right-border card-border-hover grey-active\">\n                    <h4>We accompany you from the manuscript to the finished book<\/h4>\n        \n        <div class=\"border-hover\"><\/div>\n        <div class=\"text-item\">\n                            <div class=\"link\">\n                    <a href=\"\/en\/scientific-publishing\"\n                       target=\"\" rel=\"noopener\"\n                       class=\"link-blue-square\">\n                        Become an author now\n                    <\/a>\n                <\/div>\n                    <\/div>\n    <\/div>\n<\/section>\n","protected":false},"excerpt":{"rendered":"","protected":false},"author":10,"featured_media":0,"parent":1990,"menu_order":6,"comment_status":"closed","ping_status":"closed","template":"","meta":{"_acf_changed":false,"footnotes":""},"class_list":["post-2008","page","type-page","status-publish","hentry"],"acf":[],"yoast_head":"<!-- This site is optimized with the Yoast SEO Premium plugin v26.1 (Yoast SEO v26.2) - https:\/\/yoast.com\/wordpress\/plugins\/seo\/ -->\n<title>Phenomenology - Verlag Karl Alber<\/title>\n<meta name=\"description\" content=\"Phenomenology deals not only with classical themes and authors, but also with new fields and interdisciplinary research perspectives.\" \/>\n<meta name=\"robots\" content=\"index, follow, max-snippet:-1, max-image-preview:large, max-video-preview:-1\" \/>\n<link rel=\"canonical\" href=\"https:\/\/verlag-alber.de\/en\/major-areas\/phenomenology\/\" \/>\n<meta property=\"og:locale\" content=\"en_US\" \/>\n<meta property=\"og:type\" content=\"article\" \/>\n<meta property=\"og:title\" content=\"Phenomenology\" \/>\n<meta property=\"og:description\" content=\"Phenomenology deals not only with classical themes and authors, but also with new fields and interdisciplinary research perspectives.\" \/>\n<meta property=\"og:url\" content=\"https:\/\/verlag-alber.de\/en\/major-areas\/phenomenology\/\" \/>\n<meta property=\"og:site_name\" content=\"Karl-Alber\" \/>\n<meta property=\"article:modified_time\" content=\"2025-12-03T13:58:41+00:00\" \/>\n<meta property=\"og:image\" content=\"https:\/\/verlag-alber.de\/wp-content\/uploads\/sites\/2\/2022\/05\/My-project-Kopie-Kopie-3.jpg\" \/>\n<meta name=\"twitter:card\" content=\"summary_large_image\" \/>\n<meta name=\"twitter:label1\" content=\"Est. reading time\" \/>\n\t<meta name=\"twitter:data1\" content=\"5 minutes\" \/>\n<script type=\"application\/ld+json\" class=\"yoast-schema-graph\">{\"@context\":\"https:\/\/schema.org\",\"@graph\":[{\"@type\":\"WebPage\",\"@id\":\"https:\/\/verlag-alber.de\/en\/major-areas\/phenomenology\/\",\"url\":\"https:\/\/verlag-alber.de\/en\/major-areas\/phenomenology\/\",\"name\":\"Phenomenology - Verlag Karl Alber\",\"isPartOf\":{\"@id\":\"https:\/\/verlag-alber.de\/en\/#website\"},\"datePublished\":\"2022-05-31T14:28:09+00:00\",\"dateModified\":\"2025-12-03T13:58:41+00:00\",\"description\":\"Phenomenology deals not only with classical themes and authors, but also with new fields and interdisciplinary research perspectives.\",\"breadcrumb\":{\"@id\":\"https:\/\/verlag-alber.de\/en\/major-areas\/phenomenology\/#breadcrumb\"},\"inLanguage\":\"en-US\",\"potentialAction\":[{\"@type\":\"ReadAction\",\"target\":[\"https:\/\/verlag-alber.de\/en\/major-areas\/phenomenology\/\"]}]},{\"@type\":\"BreadcrumbList\",\"@id\":\"https:\/\/verlag-alber.de\/en\/major-areas\/phenomenology\/#breadcrumb\",\"itemListElement\":[{\"@type\":\"ListItem\",\"position\":1,\"name\":\"Startseite\",\"item\":\"https:\/\/verlag-alber.de\/en\/\"},{\"@type\":\"ListItem\",\"position\":2,\"name\":\"Subject Areas\",\"item\":\"https:\/\/verlag-alber.de\/en\/major-areas\/\"},{\"@type\":\"ListItem\",\"position\":3,\"name\":\"Phenomenology\"}]},{\"@type\":\"WebSite\",\"@id\":\"https:\/\/verlag-alber.de\/en\/#website\",\"url\":\"https:\/\/verlag-alber.de\/en\/\",\"name\":\"Karl-Alber\",\"description\":\"Eine weitere nomos.de Websites Website\",\"potentialAction\":[{\"@type\":\"SearchAction\",\"target\":{\"@type\":\"EntryPoint\",\"urlTemplate\":\"https:\/\/verlag-alber.de\/en\/?s={search_term_string}\"},\"query-input\":{\"@type\":\"PropertyValueSpecification\",\"valueRequired\":true,\"valueName\":\"search_term_string\"}}],\"inLanguage\":\"en-US\"}]}<\/script>\n<!-- \/ Yoast SEO Premium plugin. -->","yoast_head_json":{"title":"Phenomenology - Verlag Karl Alber","description":"Phenomenology deals not only with classical themes and authors, but also with new fields and interdisciplinary research perspectives.","robots":{"index":"index","follow":"follow","max-snippet":"max-snippet:-1","max-image-preview":"max-image-preview:large","max-video-preview":"max-video-preview:-1"},"canonical":"https:\/\/verlag-alber.de\/en\/major-areas\/phenomenology\/","og_locale":"en_US","og_type":"article","og_title":"Phenomenology","og_description":"Phenomenology deals not only with classical themes and authors, but also with new fields and interdisciplinary research perspectives.","og_url":"https:\/\/verlag-alber.de\/en\/major-areas\/phenomenology\/","og_site_name":"Karl-Alber","article_modified_time":"2025-12-03T13:58:41+00:00","og_image":[{"url":"https:\/\/verlag-alber.de\/wp-content\/uploads\/sites\/2\/2022\/05\/My-project-Kopie-Kopie-3.jpg","type":"","width":"","height":""}],"twitter_card":"summary_large_image","twitter_misc":{"Est. reading time":"5 minutes"},"schema":{"@context":"https:\/\/schema.org","@graph":[{"@type":"WebPage","@id":"https:\/\/verlag-alber.de\/en\/major-areas\/phenomenology\/","url":"https:\/\/verlag-alber.de\/en\/major-areas\/phenomenology\/","name":"Phenomenology - Verlag Karl Alber","isPartOf":{"@id":"https:\/\/verlag-alber.de\/en\/#website"},"datePublished":"2022-05-31T14:28:09+00:00","dateModified":"2025-12-03T13:58:41+00:00","description":"Phenomenology deals not only with classical themes and authors, but also with new fields and interdisciplinary research perspectives.","breadcrumb":{"@id":"https:\/\/verlag-alber.de\/en\/major-areas\/phenomenology\/#breadcrumb"},"inLanguage":"en-US","potentialAction":[{"@type":"ReadAction","target":["https:\/\/verlag-alber.de\/en\/major-areas\/phenomenology\/"]}]},{"@type":"BreadcrumbList","@id":"https:\/\/verlag-alber.de\/en\/major-areas\/phenomenology\/#breadcrumb","itemListElement":[{"@type":"ListItem","position":1,"name":"Startseite","item":"https:\/\/verlag-alber.de\/en\/"},{"@type":"ListItem","position":2,"name":"Subject Areas","item":"https:\/\/verlag-alber.de\/en\/major-areas\/"},{"@type":"ListItem","position":3,"name":"Phenomenology"}]},{"@type":"WebSite","@id":"https:\/\/verlag-alber.de\/en\/#website","url":"https:\/\/verlag-alber.de\/en\/","name":"Karl-Alber","description":"Eine weitere nomos.de Websites Website","potentialAction":[{"@type":"SearchAction","target":{"@type":"EntryPoint","urlTemplate":"https:\/\/verlag-alber.de\/en\/?s={search_term_string}"},"query-input":{"@type":"PropertyValueSpecification","valueRequired":true,"valueName":"search_term_string"}}],"inLanguage":"en-US"}]}},"_links":{"self":[{"href":"https:\/\/verlag-alber.de\/en\/wp-json\/wp\/v2\/pages\/2008","targetHints":{"allow":["GET"]}}],"collection":[{"href":"https:\/\/verlag-alber.de\/en\/wp-json\/wp\/v2\/pages"}],"about":[{"href":"https:\/\/verlag-alber.de\/en\/wp-json\/wp\/v2\/types\/page"}],"author":[{"embeddable":true,"href":"https:\/\/verlag-alber.de\/en\/wp-json\/wp\/v2\/users\/10"}],"replies":[{"embeddable":true,"href":"https:\/\/verlag-alber.de\/en\/wp-json\/wp\/v2\/comments?post=2008"}],"version-history":[{"count":24,"href":"https:\/\/verlag-alber.de\/en\/wp-json\/wp\/v2\/pages\/2008\/revisions"}],"predecessor-version":[{"id":5137,"href":"https:\/\/verlag-alber.de\/en\/wp-json\/wp\/v2\/pages\/2008\/revisions\/5137"}],"up":[{"embeddable":true,"href":"https:\/\/verlag-alber.de\/en\/wp-json\/wp\/v2\/pages\/1990"}],"wp:attachment":[{"href":"https:\/\/verlag-alber.de\/en\/wp-json\/wp\/v2\/media?parent=2008"}],"curies":[{"name":"wp","href":"https:\/\/api.w.org\/{rel}","templated":true}]}}